{"id":2378,"date":"2025-11-16T10:28:14","date_gmt":"2025-11-16T10:28:14","guid":{"rendered":"https:\/\/dominiumwine.com\/?page_id=2378"},"modified":"2025-11-16T15:35:57","modified_gmt":"2025-11-16T15:35:57","slug":"altalanos-szerzodesi-feltetelek","status":"publish","type":"page","link":"https:\/\/dominiumwine.com\/en\/altalanos-szerzodesi-feltetelek\/","title":{"rendered":"\u00c1ltal\u00e1nos szerz\u0151d\u00e9si felt\u00e9telek"},"content":{"rendered":"<div data-elementor-type=\"wp-page\" data-elementor-id=\"2378\" class=\"elementor elementor-2378\" data-elementor-post-type=\"page\">\n\t\t\t\t\t\t<section class=\"elementor-section elementor-top-section elementor-element elementor-element-3979a5ba elementor-section-boxed elementor-section-height-default elementor-section-height-default\" data-id=\"3979a5ba\" data-element_type=\"section\" data-settings=\"{&quot;background_background&quot;:&quot;classic&quot;}\">\n\t\t\t\t\t\t\t<div class=\"elementor-background-overlay\"><\/div>\n\t\t\t\t\t\t\t<div class=\"elementor-container elementor-column-gap-default\">\n\t\t\t\t\t<div class=\"elementor-column elementor-col-100 elementor-top-column elementor-element elementor-element-331184da\" data-id=\"331184da\" data-element_type=\"column\">\n\t\t\t<div class=\"elementor-widget-wrap elementor-element-populated\">\n\t\t\t\t\t\t<div class=\"elementor-element elementor-element-471701d6 elementor-widget elementor-widget-heading\" data-id=\"471701d6\" data-element_type=\"widget\" data-widget_type=\"heading.default\">\n\t\t\t\t<div class=\"elementor-widget-container\">\n\t\t\t<style>\/*! elementor - v3.23.0 - 15-07-2024 *\/\n.elementor-heading-title{padding:0;margin:0;line-height:1}.elementor-widget-heading .elementor-heading-title[class*=elementor-size-]>a{color:inherit;font-size:inherit;line-height:inherit}.elementor-widget-heading .elementor-heading-title.elementor-size-small{font-size:15px}.elementor-widget-heading .elementor-heading-title.elementor-size-medium{font-size:19px}.elementor-widget-heading .elementor-heading-title.elementor-size-large{font-size:29px}.elementor-widget-heading .elementor-heading-title.elementor-size-xl{font-size:39px}.elementor-widget-heading .elementor-heading-title.elementor-size-xxl{font-size:59px}<\/style><h1 class=\"elementor-heading-title elementor-size-default\">\u00c1ltal\u00e1nos szerz\u0151d\u00e9si felt\u00e9telek<\/h1>\t\t<\/div>\n\t\t\t\t<\/div>\n\t\t\t\t<div class=\"elementor-element elementor-element-5dfb8b7e elementor-widget-divider--view-line elementor-widget elementor-widget-divider\" data-id=\"5dfb8b7e\" data-element_type=\"widget\" data-widget_type=\"divider.default\">\n\t\t\t\t<div class=\"elementor-widget-container\">\n\t\t\t<style>\/*! elementor - v3.23.0 - 15-07-2024 *\/\n.elementor-widget-divider{--divider-border-style:none;--divider-border-width:1px;--divider-color:#0c0d0e;--divider-icon-size:20px;--divider-element-spacing:10px;--divider-pattern-height:24px;--divider-pattern-size:20px;--divider-pattern-url:none;--divider-pattern-repeat:repeat-x}.elementor-widget-divider .elementor-divider{display:flex}.elementor-widget-divider .elementor-divider__text{font-size:15px;line-height:1;max-width:95%}.elementor-widget-divider .elementor-divider__element{margin:0 var(--divider-element-spacing);flex-shrink:0}.elementor-widget-divider .elementor-icon{font-size:var(--divider-icon-size)}.elementor-widget-divider .elementor-divider-separator{display:flex;margin:0;direction:ltr}.elementor-widget-divider--view-line_icon .elementor-divider-separator,.elementor-widget-divider--view-line_text .elementor-divider-separator{align-items:center}.elementor-widget-divider--view-line_icon .elementor-divider-separator:after,.elementor-widget-divider--view-line_icon .elementor-divider-separator:before,.elementor-widget-divider--view-line_text .elementor-divider-separator:after,.elementor-widget-divider--view-line_text .elementor-divider-separator:before{display:block;content:\"\";border-block-end:0;flex-grow:1;border-block-start:var(--divider-border-width) var(--divider-border-style) var(--divider-color)}.elementor-widget-divider--element-align-left .elementor-divider .elementor-divider-separator>.elementor-divider__svg:first-of-type{flex-grow:0;flex-shrink:100}.elementor-widget-divider--element-align-left .elementor-divider-separator:before{content:none}.elementor-widget-divider--element-align-left .elementor-divider__element{margin-left:0}.elementor-widget-divider--element-align-right .elementor-divider .elementor-divider-separator>.elementor-divider__svg:last-of-type{flex-grow:0;flex-shrink:100}.elementor-widget-divider--element-align-right .elementor-divider-separator:after{content:none}.elementor-widget-divider--element-align-right .elementor-divider__element{margin-right:0}.elementor-widget-divider--element-align-start .elementor-divider .elementor-divider-separator>.elementor-divider__svg:first-of-type{flex-grow:0;flex-shrink:100}.elementor-widget-divider--element-align-start .elementor-divider-separator:before{content:none}.elementor-widget-divider--element-align-start .elementor-divider__element{margin-inline-start:0}.elementor-widget-divider--element-align-end .elementor-divider .elementor-divider-separator>.elementor-divider__svg:last-of-type{flex-grow:0;flex-shrink:100}.elementor-widget-divider--element-align-end .elementor-divider-separator:after{content:none}.elementor-widget-divider--element-align-end .elementor-divider__element{margin-inline-end:0}.elementor-widget-divider:not(.elementor-widget-divider--view-line_text):not(.elementor-widget-divider--view-line_icon) .elementor-divider-separator{border-block-start:var(--divider-border-width) var(--divider-border-style) var(--divider-color)}.elementor-widget-divider--separator-type-pattern{--divider-border-style:none}.elementor-widget-divider--separator-type-pattern.elementor-widget-divider--view-line .elementor-divider-separator,.elementor-widget-divider--separator-type-pattern:not(.elementor-widget-divider--view-line) .elementor-divider-separator:after,.elementor-widget-divider--separator-type-pattern:not(.elementor-widget-divider--view-line) .elementor-divider-separator:before,.elementor-widget-divider--separator-type-pattern:not([class*=elementor-widget-divider--view]) .elementor-divider-separator{width:100%;min-height:var(--divider-pattern-height);-webkit-mask-size:var(--divider-pattern-size) 100%;mask-size:var(--divider-pattern-size) 100%;-webkit-mask-repeat:var(--divider-pattern-repeat);mask-repeat:var(--divider-pattern-repeat);background-color:var(--divider-color);-webkit-mask-image:var(--divider-pattern-url);mask-image:var(--divider-pattern-url)}.elementor-widget-divider--no-spacing{--divider-pattern-size:auto}.elementor-widget-divider--bg-round{--divider-pattern-repeat:round}.rtl .elementor-widget-divider .elementor-divider__text{direction:rtl}.e-con-inner>.elementor-widget-divider,.e-con>.elementor-widget-divider{width:var(--container-widget-width,100%);--flex-grow:var(--container-widget-flex-grow)}<\/style>\t\t<div class=\"elementor-divider\">\n\t\t\t<span class=\"elementor-divider-separator\">\n\t\t\t\t\t\t<\/span>\n\t\t<\/div>\n\t\t\t\t<\/div>\n\t\t\t\t<\/div>\n\t\t\t\t<div class=\"elementor-element elementor-element-2f3bc838 elementor-widget elementor-widget-heading\" data-id=\"2f3bc838\" data-element_type=\"widget\" data-widget_type=\"heading.default\">\n\t\t\t\t<div class=\"elementor-widget-container\">\n\t\t\t<h4 class=\"elementor-heading-title elementor-size-default\">(\u00c1SZF)<\/h4>\t\t<\/div>\n\t\t\t\t<\/div>\n\t\t\t\t\t<\/div>\n\t\t<\/div>\n\t\t\t\t\t<\/div>\n\t\t<\/section>\n\t\t\t\t<section class=\"elementor-section elementor-top-section elementor-element elementor-element-e44623b elementor-section-boxed elementor-section-height-default elementor-section-height-default\" data-id=\"e44623b\" data-element_type=\"section\">\n\t\t\t\t\t\t<div class=\"elementor-container elementor-column-gap-default\">\n\t\t\t\t\t<div class=\"elementor-column elementor-col-100 elementor-top-column elementor-element elementor-element-1b9d72f9\" data-id=\"1b9d72f9\" data-element_type=\"column\">\n\t\t\t<div class=\"elementor-widget-wrap elementor-element-populated\">\n\t\t\t\t\t\t<div class=\"elementor-element elementor-element-6e72a029 elementor-widget elementor-widget-text-editor\" data-id=\"6e72a029\" data-element_type=\"widget\" data-widget_type=\"text-editor.default\">\n\t\t\t\t<div class=\"elementor-widget-container\">\n\t\t\t<style>\/*! elementor - v3.23.0 - 15-07-2024 *\/\n.elementor-widget-text-editor.elementor-drop-cap-view-stacked .elementor-drop-cap{background-color:#69727d;color:#fff}.elementor-widget-text-editor.elementor-drop-cap-view-framed .elementor-drop-cap{color:#69727d;border:3px solid;background-color:transparent}.elementor-widget-text-editor:not(.elementor-drop-cap-view-default) .elementor-drop-cap{margin-top:8px}.elementor-widget-text-editor:not(.elementor-drop-cap-view-default) .elementor-drop-cap-letter{width:1em;height:1em}.elementor-widget-text-editor .elementor-drop-cap{float:left;text-align:center;line-height:1;font-size:50px}.elementor-widget-text-editor .elementor-drop-cap-letter{display:inline-block}<\/style>\t\t\t\t<p>\u00c1LTAL\u00c1NOS SZERZ\u0150D\u00c9SI FELT\u00c9TELEK (\u00c1SZF)<\/p>\n<p>1. \u00c1ltal\u00e1nos rendelkez\u00e9sek<\/p>\n<p>1.1. Az \u00c1ltal\u00e1nos Szerz\u0151d\u00e9si Felt\u00e9telek (tov\u00e1bbiakban \u00c1SZF) azt a szerz\u0151d\u00e9ses tartalmat foglalj\u00e1k \u00f6ssze, melyek alapj\u00e1n a Vinum Dominium Kft. \u2013 Dominium Pinc\u00e9szet &#8211; (3200 Gy\u00f6ngy\u00f6s Farkasm\u00e1ly k\u00fclter\u00fclet hrsz:067\/50) tov\u00e1bbiakban Szolg\u00e1ltat\u00f3) \u00e1ltal\u00e1noss\u00e1gban elsz\u00e1ll\u00e1sol\u00e1si szerz\u0151d\u00e9st k\u00f6t Vend\u00e9geivel.<\/p>\n<p>1.2. Egyedi felt\u00e9telek nem k\u00e9pezik a r\u00e9sz\u00e9t jelen \u00c1SZF-nek, de nem z\u00e1rj\u00e1k ki k\u00fcl\u00f6n, speci\u00e1lis meg\u00e1llapod\u00e1sok k\u00f6t\u00e9s\u00e9t utaz\u00e1sk\u00f6zvet\u00edt\u0151kkel, szervez\u0151kkel, esetenk\u00e9nt m\u00e1s-m\u00e1s, az adott \u00fczletnek megfelel\u0151 felt\u00e9telekkel.<\/p>\n<p>2. Szerz\u0151d\u0151 felek<\/p>\n<p>2.1. A Szolg\u00e1ltat\u00f3 \u00e1ltal ny\u00fajtott szolg\u00e1ltat\u00e1sokat a Vend\u00e9g veszi ig\u00e9nybe. Amennyiben a szolg\u00e1ltat\u00e1sokra vonatkoz\u00f3 megrendel\u00e9st a Vend\u00e9g k\u00f6zvetlen\u00fcl a Szolg\u00e1ltat\u00f3nak adja le, \u00fagy a Vend\u00e9g lesz a Szerz\u0151d\u0151 f\u00e9l. A Szolg\u00e1ltat\u00f3 \u00e9s a Vend\u00e9g egy\u00fcttesen, amennyiben a felt\u00e9telek teljes\u00fclnek, szerz\u0151d\u00e9ses felekk\u00e9 v\u00e1lnak (tov\u00e1bbiakban: Felek).<\/p>\n<p>2.2. Amennyiben a szolg\u00e1ltat\u00e1sokra vonatkoz\u00f3 megrendel\u00e9st a Vend\u00e9g megb\u00edz\u00e1s\u00e1b\u00f3l egy harmadik szem\u00e9ly (tov\u00e1bbiakban K\u00f6zvet\u00edt\u0151) adja le a Szolg\u00e1ltat\u00f3nak, az egy\u00fcttm\u0171k\u00f6d\u00e9s felt\u00e9teleit a Szolg\u00e1ltat\u00f3 \u00e9s a K\u00f6zvet\u00edt\u0151 k\u00f6z\u00f6tti meg\u00e1llapod\u00e1s szab\u00e1lyozza. Ebben az esetben a Szolg\u00e1ltat\u00f3 nem k\u00f6teles vizsg\u00e1lni, hogy a harmadik szem\u00e9ly jogszer\u0171en k\u00e9pviseli-e a Vend\u00e9get.<\/p>\n<p>3. A szolg\u00e1ltat\u00e1s ig\u00e9nybev\u00e9tel\u00e9nek m\u00f3dja \u00e9s felt\u00e9telei<\/p>\n<p>3.1. A Vend\u00e9g sz\u00f3beli vagy \u00edr\u00e1sbeli aj\u00e1nlatk\u00e9r\u00e9s\u00e9re a Szolg\u00e1ltat\u00f3 minden esetben \u00edr\u00e1sbeli aj\u00e1nlatot k\u00fcld. Amennyiben az aj\u00e1nlat elk\u00fcld\u00e9s\u00e9t\u0151l sz\u00e1m\u00edtott 24 \u00f3r\u00e1n bel\u00fcl nem \u00e9rkezik konkr\u00e9t megrendel\u00e9s, \u00fagy a Szolg\u00e1ltat\u00f3 aj\u00e1nlati k\u00f6t\u00f6tts\u00e9ge megsz\u0171nik.<\/p>\n<p>3.2. A Szerz\u0151d\u00e9s kiz\u00e1r\u00f3lag a Vend\u00e9g \u00edr\u00e1sban leadott foglal\u00e1s\u00e1nak a Szolg\u00e1ltat\u00f3 \u00e1ltali \u00edr\u00e1sban megk\u00fcld\u00f6tt visszaigazol\u00e1s\u00e1val j\u00f6n l\u00e9tre, \u00e9s \u00edgy \u00edr\u00e1sban megk\u00f6t\u00f6tt Szerz\u0151d\u00e9snek min\u0151s\u00fcl.<\/p>\n<p>3.3. Sz\u00f3ban leadott foglal\u00e1s, meg\u00e1llapod\u00e1s, m\u00f3dos\u00edt\u00e1s, vagy annak a Szolg\u00e1ltat\u00f3 \u00e1ltali sz\u00f3beli visszaigazol\u00e1sa nem szerz\u0151d\u00e9s \u00e9rt\u00e9k\u0171.<\/p>\n<p>3.4. A sz\u00e1ll\u00e1s-szolg\u00e1ltat\u00e1s ig\u00e9nybev\u00e9tel\u00e9r\u0151l sz\u00f3l\u00f3 Szerz\u0151d\u00e9s meghat\u00e1rozott id\u0151tartamra sz\u00f3l.<\/p>\n<p>3.5. Ha a Vend\u00e9g a meghat\u00e1rozott id\u0151tartam lej\u00e1rta el\u0151tt v\u00e9glegesen elhagyja a szob\u00e1t, a Szolg\u00e1ltat\u00f3 jogosult a Szerz\u0151d\u00e9sben kik\u00f6t\u00f6tt szolg\u00e1ltat\u00e1s teljes ellen\u00e9rt\u00e9k\u00e9re. A lej\u00e1rati id\u0151 el\u0151tt meg\u00fcresedett szob\u00e1t a Szolg\u00e1ltat\u00f3 jogosult \u00fajra \u00e9rt\u00e9kes\u00edteni.<\/p>\n<p>3.6. A sz\u00e1ll\u00e1s-szolg\u00e1ltat\u00e1s ig\u00e9nybev\u00e9tel\u00e9nek Vend\u00e9g \u00e1ltal kezdem\u00e9nyezett meghosszabb\u00edt\u00e1s\u00e1hoz a Szolg\u00e1ltat\u00f3 el\u0151zetes hozz\u00e1j\u00e1rul\u00e1sa sz\u00fcks\u00e9ges. Ebben az esetben a Szolg\u00e1ltat\u00f3 kik\u00f6theti a m\u00e1r teljes\u00edtett szolg\u00e1ltat\u00e1s d\u00edj\u00e1nak megt\u00e9r\u00edt\u00e9s\u00e9t.<\/p>\n<p>3.7. A sz\u00e1ll\u00e1s-szolg\u00e1ltat\u00e1s ig\u00e9nybev\u00e9tel\u00e9nek felt\u00e9tele, hogy a Vend\u00e9gek szem\u00e9lyazonoss\u00e1gukat a t\u00f6rv\u00e9nyes el\u0151\u00edr\u00e1soknak megfelel\u0151en, a szoba elfoglal\u00e1sa el\u0151tt igazolj\u00e1k. A panzi\u00f3ban bejelent\u00e9s n\u00e9lk\u00fcl senki sem lakhat.<\/p>\n<p>3.8. A Szerz\u0151d\u00e9s m\u00f3dos\u00edt\u00e1s\u00e1hoz \u00e9s\/vagy kieg\u00e9sz\u00edt\u00e9s\u00e9hez a Felek \u00e1ltal al\u00e1\u00edrt \u00edr\u00e1sbeli meg\u00e1llapod\u00e1s sz\u00fcks\u00e9ges.<\/p>\n<p>4. Az elsz\u00e1ll\u00e1sol\u00e1s kezdete \u00e9s v\u00e9ge \/check-in; check-out\/<\/p>\n<p>4.1. A Vend\u00e9gnek joga van a b\u00e9relt helyis\u00e9geket a meg\u00e1llapod\u00e1s szerinti nap 14.00 \u00f3r\u00e1t\u00f3l elfoglalni.<\/p>\n<p>4.2. A Szolg\u00e1ltat\u00f3nak abban az esetben, ha a Vend\u00e9g nem jelenik meg a meg\u00e1llapod\u00e1s szerinti nap 20:00 \u00f3r\u00e1ig, joga van arra, hogy visszal\u00e9pjen a szerz\u0151d\u00e9st\u0151l kiv\u00e9ve, ha k\u00e9s\u0151bbi \u00e9rkez\u00e9si id\u0151pont ker\u00fclt kik\u00f6t\u00e9sre.<\/p>\n<p>4.3. Amennyiben a Vend\u00e9g el\u0151leget fizetett, a szoba (a szob\u00e1k) legk\u00e9s\u0151bb a k\u00f6vetkez\u0151 nap 10.00 \u00f3r\u00e1ig lefoglalva marad (maradnak).<\/p>\n<p>4.4. A Vend\u00e9gnek a szob\u00e1t az elutaz\u00e1si nap 10.00 \u00f3r\u00e1ig el kell hagynia.<\/p>\n<p>4.5. A panzi\u00f3 foglalts\u00e1g\u00e1nak f\u00fcggv\u00e9ny\u00e9ben, t\u00e9r\u00edt\u00e9s ellen\u00e9ben biztos\u00edtja a korai \u00e9rkez\u00e9s, illetve a k\u00e9s\u0151i elutaz\u00e1s lehet\u0151s\u00e9g\u00e9t. Amennyiben ezen szolg\u00e1ltat\u00e1sunkat ig\u00e9nybe k\u00edv\u00e1nja venni, k\u00e9rj\u00fck, az \u00e9rkez\u00e9s\u00e9t megel\u0151z\u0151 napon jelezze a recepci\u00f3nk sz\u00e1m\u00e1ra.<\/p>\n<p>5. Az elsz\u00e1ll\u00e1sol\u00e1s meghosszabb\u00edt\u00e1sa<\/p>\n<p>5.1. A tart\u00f3zkod\u00e1s Vend\u00e9g \u00e1ltali meghosszabb\u00edt\u00e1s\u00e1hoz a Szolg\u00e1ltat\u00f3 el\u0151zetes hozz\u00e1j\u00e1rul\u00e1sa sz\u00fcks\u00e9ges.<\/p>\n<p>5.2. Amennyiben a Vend\u00e9g a szob\u00e1j\u00e1t a bejelentkez\u00e9skor a t\u00e1voz\u00e1s napjak\u00e9nt felt\u00fcntetett napon 10.30 \u00f3r\u00e1ig nem \u00fcr\u00edti ki \u00e9s a tart\u00f3zkod\u00e1s meghosszabb\u00edt\u00e1s\u00e1hoz a Szolg\u00e1ltat\u00f3 el\u0151zetesen nem j\u00e1rult hozz\u00e1, \u00fagy a Szolg\u00e1ltat\u00f3 jogosult a szoba\u00e1rat egy tov\u00e1bbi napra is kisz\u00e1ml\u00e1zni \u00e9s ezzel egyidej\u0171leg a Szolg\u00e1ltat\u00f3 szolg\u00e1ltat\u00e1si k\u00f6telezetts\u00e9ge is megsz\u0171nik.<\/p>\n<p>6. \u00c1rak<\/p>\n<p>6.1. A panzi\u00f3 mindenkori lista\u00e1rai online fel\u00fcleteken felt\u00fcntet\u00e9sre ker\u00fclnek. Egy\u00e9b szolg\u00e1ltat\u00e1sok \u00e1rlist\u00e1i a panzi\u00f3 egy\u00e9b r\u00e9szlegen vannak elhelyezve.<\/p>\n<p>6.2. A Szolg\u00e1ltat\u00f3 a meghirdetett \u00e1rait el\u0151zetes bejelent\u00e9s n\u00e9lk\u00fcl (p\u00e9ld\u00e1ul: csomag\u00e1rak vagy egy\u00e9b kedvezm\u00e9nyek ok\u00e1n) megv\u00e1ltoztathatja. Amennyiben a Vend\u00e9g sz\u00e1ll\u00e1st foglalt \u00e9s azt a Szolg\u00e1ltat\u00f3 \u00edr\u00e1sban visszaigazolta, \u00fagy ezen a sz\u00e1ll\u00e1s\u00e1ron a Szolg\u00e1ltat\u00f3 m\u00e1r nem v\u00e1ltoztathat. A Szolg\u00e1ltat\u00f3 aktu\u00e1lis \u00e1rai a panzi\u00f3 honlapj\u00e1n (www.dominiumwine.com) tal\u00e1lhat\u00f3k.<\/p>\n<p>6.3. A Vend\u00e9g a szolg\u00e1ltat\u00e1sok \u00e1r\u00e1r\u00f3l mindig t\u00e1j\u00e9koztat\u00e1st kaphat a szolg\u00e1ltat\u00e1sny\u00fajt\u00e1s megkezd\u00e9se el\u0151tt a panzi\u00f3 recepci\u00f3j\u00e1n.<\/p>\n<p>6.4. Az \u00e1rak k\u00f6zl\u00e9sekor a Szolg\u00e1ltat\u00f3 megjel\u00f6li az \u00e1rak ad\u00f3tartalm\u00e1nak (\u00c1FA, IFA) aj\u00e1nlatt\u00e9telkor \u00e9rv\u00e9nyes, t\u00f6rv\u00e9ny \u00e1ltal szab\u00e1lyozott m\u00e9rt\u00e9k\u00e9t. A k\u00f6zz\u00e9tett \u00e1rak tartalmazz\u00e1k a t\u00f6rv\u00e9nyben meghat\u00e1rozott \u00c1FA-t, nem tartalmazz\u00e1k azonban az idegenforgalmi ad\u00f3t, amit a helysz\u00ednen kell megfizetni. A Szolg\u00e1ltat\u00f3 a hat\u00e1lyos ad\u00f3-t\u00f6rv\u00e9ny (\u00c1FA, IFA) m\u00f3dosul\u00e1sa miatti t\u00f6bbletterheket, el\u0151zetes \u00e9rtes\u00edt\u00e9s mellett, \u00e1th\u00e1r\u00edtja a Szerz\u0151d\u0151 f\u00e9lre.&nbsp;<\/p>\n<p>7. Aj\u00e1nlatok, kedvezm\u00e9nyek<\/p>\n<p>7.1. Az aktu\u00e1lis aj\u00e1nlatok, kedvezm\u00e9nyek a panzi\u00f3 weboldal\u00e1n ker\u00fclnek meghirdet\u00e9sre. A meghirdetett kedvezm\u00e9nyek mindig egy\u00e9ni szobafoglal\u00e1sra vonatkoznak.<\/p>\n<p>7.2. A meghirdetett kedvezm\u00e9nyek nem vonhat\u00f3k \u00f6ssze semmilyen m\u00e1s kedvezm\u00e9nnyel.<\/p>\n<p>7.3. A Szolg\u00e1ltat\u00f3 speci\u00e1lis kond\u00edci\u00f3khoz k\u00f6t\u00f6tt term\u00e9keinek foglal\u00e1sa, csoportos foglal\u00e1s vagy rendezv\u00e9nyek eset\u00e9n, egyedi szerz\u0151d\u00e9sben r\u00f6gz\u00edtett felt\u00e9teleket \u00e1llap\u00edt meg.<\/p>\n<p>8. Gyermekkedvezm\u00e9nyek<\/p>\n<p>8.1. Gyermekek r\u00e9sz\u00e9re &#8211; a sz\u00fcl\u0151kkel k\u00f6z\u00f6s szob\u00e1ban t\u00f6rt\u00e9n\u0151 elhelyez\u00e9s eset\u00e9n &#8211; az al\u00e1bbi sz\u00e1ll\u00e1s-\u00e9tkez\u00e9s kedvezm\u00e9nyeket biztos\u00edtjuk:<\/p>\n<p>&#8211; 0 &#8211; 3 \u00e9ves korig 100%<\/p>\n<p>8.2. P\u00f3t\u00e1gy elhelyez\u00e9s\u00e9re csak bizonyos szobat\u00edpusokban van lehet\u0151s\u00e9g, fel\u00e1r ellen\u00e9ben.<\/p>\n<p>8.3. P\u00f3t\u00e1gy ig\u00e9nyt a szolg\u00e1ltat\u00f3val el\u0151zetesen, a foglal\u00e1ssal egy id\u0151ben egyeztetni sz\u00fcks\u00e9ges.<\/p>\n<p>9. Lemond\u00e1si felt\u00e9telek<\/p>\n<p>9.1. Amennyiben a panzi\u00f3 aj\u00e1nlat\u00e1ban m\u00e1s felt\u00e9telt nem hat\u00e1rozott meg, a lemond\u00e1si \u00e9s m\u00f3dos\u00edt\u00e1si felt\u00e9telek a k\u00f6vetkez\u0151k:<\/p>\n<p>&#8211; a visszaigazolt \u00e9rkez\u00e9s napj\u00e1t megel\u0151z\u0151 168 \u00f3r\u00e1n bel\u00fcli el\u00e1ll\u00e1s eset\u00e9n a k\u00f6tb\u00e9r \u00f6sszege a sz\u00e1ll\u00e1s \u00f6sszeg\u00e9nek 100 %-a.<\/p>\n<p>Amennyiben a Szerz\u0151d\u0151 f\u00e9l gazd\u00e1lkod\u00f3 szervezet (ide\u00e9rtve a gazdas\u00e1gi t\u00e1rsas\u00e1gokat, t\u00e1rsadalmi szervezeteket, egyh\u00e1zakat, \u00f6nkorm\u00e1nyzatokat, \u00f6nkorm\u00e1nyzati int\u00e9zm\u00e9nyeket, \u00e1llami szervezeteket \u00e9s azok int\u00e9zm\u00e9nyeit, stb.), az el\u00e1ll\u00e1s eset\u00e9n esed\u00e9kes k\u00f6tb\u00e9rt akkor is a Szerz\u0151d\u0151 f\u00e9l\/Megrendel\u0151 k\u00f6teles a Szolg\u00e1ltat\u00f3nak megfizetni, ha a sz\u00e1ll\u00e1sd\u00edjat egy\u00e9bk\u00e9nt a megrendel\u0151 nev\u00e9ben elj\u00e1r\u00f3 Vend\u00e9g viseli k\u00f6zvetlen\u00fcl.<\/p>\n<p>9.2. Ha a Szerz\u0151d\u0151 f\u00e9l a sz\u00e1ll\u00e1s szolg\u00e1ltat\u00e1sok ig\u00e9nybev\u00e9tel\u00e9t el\u0151legfizet\u00e9ssel biztos\u00edtotta, \u00e9s az \u00e9rkez\u00e9si napon nem \u00e9rkezik meg (\u00edr\u00e1sos lemond\u00e1s nem \u00e9rkezik), a Szolg\u00e1ltat\u00f3 a Szerz\u0151d\u00e9sben meghat\u00e1rozott m\u00e9rt\u00e9k\u0171 megfizetett el\u0151leg teljes \u00f6sszeg\u00e9t k\u00f6tb\u00e9rk\u00e9nt \u00e9rv\u00e9nyes\u00edti. Ebben az esetben a sz\u00e1ll\u00e1st a Szerz\u0151d\u0151 f\u00e9l r\u00e9sz\u00e9re az \u00e9rkez\u00e9si napot k\u00f6vet\u0151 nap d\u00e9li 10:00 \u00f3r\u00e1ig fenntartja, majd ezt k\u00f6vet\u0151en a Szolg\u00e1ltat\u00f3 szolg\u00e1ltat\u00e1si k\u00f6telezetts\u00e9ge megsz\u0171nik.<\/p>\n<p>9.3. Ha a Szerz\u0151d\u0151 f\u00e9l a sz\u00e1ll\u00e1s szolg\u00e1ltat\u00e1sok ig\u00e9nybev\u00e9tel\u00e9t el\u0151legfizet\u00e9ssel, hitelk\u00e1rtya garanci\u00e1val, vagy m\u00e1s, Szerz\u0151d\u00e9sben foglalt m\u00f3don nem biztos\u00edtotta, a Szolg\u00e1ltat\u00f3 szolg\u00e1ltat\u00e1si k\u00f6telezetts\u00e9ge az \u00e9rkez\u00e9si napon helyi id\u0151 szerint 18:00 \u00f3r\u00e1t k\u00f6vet\u0151en megsz\u0171nik.<\/p>\n<p>10. Lemond\u00e1si felt\u00e9telek csoportok, rendezv\u00e9nyek eset\u00e9n sz\u00e1ll\u00e1s tekintet\u00e9ben<\/p>\n<p>10.1. A Megrendel\u0151 d\u00edjmentesen mondhatja le a szolg\u00e1ltat\u00e1st az \u00e9rkez\u00e9s el\u0151tti 31. napig csapat\u00e9p\u00edt\u0151 rendezv\u00e9nyek eset\u00e9n.<\/p>\n<p>Esk\u00fcv\u0151i esem\u00e9ny d\u00edjmentesen az \u00e9rkez\u00e9s el\u0151tti 240. napig mondhat\u00f3 le.<\/p>\n<p>10.2. Az \u00edr\u00e1sos lemond\u00e1snak a megjel\u00f6lt id\u0151pontig a panzi\u00f3hoz meg kell \u00e9rkeznie.<\/p>\n<p>10.3. Amennyiben a vend\u00e9g a jelzett napon nem \u00e9rkezik meg, \u00e9s lemond\u00e1s nem t\u00f6rt\u00e9nt, \u00fagy a Panzi\u00f3 azt m\u00e1snap k\u00f6z\u00f6lni tartozik a Megrendel\u0151vel \u00e9s a szob\u00e1t &#8211; ha a Megrendel\u0151 m\u00e1sk\u00e9nt nem int\u00e9zkedik &#8211; a megrendel\u00e9s h\u00e1tral\u00e9v\u0151 id\u0151tartam\u00e1ra kiadhatja.<\/p>\n<p>11. Lemond\u00e1si felt\u00e9telek csoportok, rendezv\u00e9nyek eset\u00e9n \u00e9tkez\u00e9s tekintet\u00e9ben<\/p>\n<p>11.1. \u00c9tkez\u00e9sn\u00e9l l\u00e9tsz\u00e1mm\u00f3dos\u00edt\u00e1st a szolg\u00e1ltat\u00e1st megel\u0151z\u0151en 72 \u00f3r\u00e1n bel\u00fcl m\u00e1r nem tudunk elfogadni.<\/p>\n<p>12. A szerz\u0151d\u00e9s teljes\u00edt\u00e9s\u00e9nek elutas\u00edt\u00e1sa, a szolg\u00e1ltat\u00e1si k\u00f6telezetts\u00e9g megsz\u0171n\u00e9se<\/p>\n<p>12.1. A Szolg\u00e1ltat\u00f3 jogosult a sz\u00e1ll\u00e1sszolg\u00e1ltat\u00e1sra sz\u00f3l\u00f3 Szerz\u0151d\u00e9st azonnali hat\u00e1llyal felmondani, \u00edgy a szolg\u00e1ltat\u00e1sok ny\u00fajt\u00e1s\u00e1t megtagadni, ha:<\/p>\n<p>&#8211; a Vend\u00e9g nem rendeltet\u00e9sszer\u0171en haszn\u00e1lja a rendelkez\u00e9sre bocs\u00e1tott szob\u00e1t, illetve a l\u00e9tes\u00edtm\u00e9nyt;<\/p>\n<p>&#8211; a Vend\u00e9g a szob\u00e1j\u00e1t a bejelentkez\u00e9skor a t\u00e1voz\u00e1s napjak\u00e9nt felt\u00fcntetett napon 10.30 \u00f3r\u00e1ig nem \u00fcr\u00edti ki \u00e9s a tart\u00f3zkod\u00e1s meghosszabb\u00edt\u00e1s\u00e1hoz a Szolg\u00e1ltat\u00f3 el\u0151zetesen nem j\u00e1rult hozz\u00e1;<\/p>\n<p>&#8211; a Vend\u00e9g a sz\u00e1ll\u00e1shely biztons\u00e1g\u00e1val, rendj\u00e9vel, annak alkalmazottaival kifog\u00e1solhat\u00f3an, durv\u00e1n viselkedik, alkohol, vagy drogok befoly\u00e1sa alatt \u00e1ll, fenyeget\u0151, s\u00e9rt\u0151, vagy m\u00e1s elfogadhatatlan viselked\u00e9st tan\u00fas\u00edt; h\u00e1zirendet szeg.<\/p>\n<p>&#8211; a Vend\u00e9g fert\u0151z\u0151 betegs\u00e9gben szenved;<\/p>\n<p>&#8211; a Szerz\u0151d\u0151 f\u00e9l nem teljes\u00edti a Szerz\u0151d\u00e9sben meghat\u00e1rozott el\u0151legfizet\u00e9si k\u00f6telezetts\u00e9g\u00e9t a meghat\u00e1rozott id\u0151pontig;<\/p>\n<p>12.2. Amennyiben a felek k\u00f6z\u00f6tti Szerz\u0151d\u00e9s \u201evis major\u201d okokb\u00f3l nem teljes\u00fcl, a szerz\u0151d\u00e9s megsz\u0171nik<\/p>\n<p>13. Fizet\u00e9s m\u00f3dja, garancia<\/p>\n<p>13.1. A megrendelt szolg\u00e1ltat\u00e1sok ellen\u00e9rt\u00e9ke fizethet\u0151 a helysz\u00ednen k\u00e9szp\u00e9nzzel (Forintban vagy Euroban), a Szolg\u00e1ltat\u00f3 \u00e1ltal elfogadottk\u00e9nt megjel\u00f6lt bankk\u00e1rty\u00e1val, illetve \u00e1tutal\u00e1ssal.<\/p>\n<p>13.2. \u00c1tutal\u00e1s eset\u00e9n \u2013 amennyiben a Szolg\u00e1ltat\u00f3val k\u00f6t\u00f6tt meg\u00e1llapod\u00e1s m\u00e1sk\u00e9nt nem rendelkezik \u2013 a megrendelt szolg\u00e1ltat\u00e1sok ellen\u00e9rt\u00e9k\u00e9t a Vend\u00e9g k\u00f6teles az \u00e9rkez\u00e9s megjel\u00f6lt napja el\u0151tt a panzi\u00f3 banksz\u00e1ml\u00e1j\u00e1ra \u00e1tutalni oly m\u00f3don, hogy az adott \u00f6sszeget az \u00e9rkez\u00e9s napj\u00e1ig a panzi\u00f3 banksz\u00e1ml\u00e1j\u00e1n j\u00f3v\u00e1\u00edrj\u00e1k vagy az \u00e1tutal\u00e1st a Vend\u00e9g a sz\u00e1mlavezet\u0151 p\u00e9nzint\u00e9zete \u00e1ltal kiadott, az \u00e1tutal\u00e1s megt\u00f6rt\u00e9nt\u00e9t igazol\u00f3 visszavonhatatlan nyilatkozattal igazolja.<\/p>\n<p>13.3. Az egy\u00e9ni szobafoglal\u00e1s garant\u00e1l\u00e1sa el\u0151legfizet\u00e9ssel lehets\u00e9ges.<\/p>\n<p>13.4. Az \u00c1ltal\u00e1nos Szerz\u0151d\u00e9si Felt\u00e9telek elfogad\u00e1s\u00e1val a Vend\u00e9g tudom\u00e1sul veszi \u00e9s elfogadja, hogy a Szolg\u00e1ltat\u00f3 a fizetend\u0151 d\u00edjakr\u00f3l, illetve a vend\u00e9gek \u00e1ltal b\u00e1rmely jogc\u00edmen a Szolg\u00e1ltat\u00f3 r\u00e9sz\u00e9re kifizetett \u00f6sszegr\u0151l elektronikus sz\u00e1ml\u00e1t \u00e1ll\u00edt ki \u00e9s azt e-mail \u00fatj\u00e1n k\u00fcldi meg.<\/p>\n<p>A befizetett\/befizetend\u0151 \u00f6sszegekr\u0151l a sz\u00e1mla ki\u00e1ll\u00edt\u00e1sakor a Szolg\u00e1ltat\u00f3 az online foglal\u00e1skor a megadott, m\u00edg az e-mail, illetve telefon \u00fatj\u00e1n t\u00f6rt\u00e9n\u0151 foglal\u00e1s eset\u00e9ben pedig a foglal\u00f3 szem\u00e9ly \u00e1ltal megadott adatokat veszi alapul.<\/p>\n<p>Az itt megadott adatok (n\u00e9v, c\u00edm, sz\u00fcks\u00e9g eset\u00e9n ad\u00f3sz\u00e1m is) szerepelnek majd a sz\u00e1mla \u201eVev\u0151\u201d rovat\u00e1ban. A foglal\u00e1s megt\u00f6rt\u00e9nte ut\u00e1n 1 napon bel\u00fcl a Vend\u00e9g k\u00e9rheti a megadott adatok m\u00f3dos\u00edt\u00e1s\u00e1t, ezt k\u00f6vet\u0151en azonban a m\u00f3dos\u00edt\u00e1s m\u00e1r nem lehets\u00e9ges.<\/p>\n<p>A Szolg\u00e1ltat\u00f3 a v\u00e9gsz\u00e1ml\u00e1t a foglal\u00e1skor megadott adatok alapj\u00e1n \u00e1ll\u00edtja ki.<\/p>\n<p>B\u00e1r a Vend\u00e9gnek lehet\u0151s\u00e9ge van a foglal\u00e1s p\u00e9nznem\u00e9t\u0151l elt\u00e9r\u0151 p\u00e9nznemben fizetni, a sz\u00e1ml\u00e1t a foglal\u00e1s eredeti p\u00e9nznem\u00e9ben \u00e1ll\u00edtjuk ki (\u00e9s nem a kifizet\u00e9s p\u00e9nznem\u00e9ben).<\/p>\n<p>Foglal\u00e1sonk\u00e9nt csak egy sz\u00e1ml\u00e1t van m\u00f3d ki\u00e1ll\u00edtani foglal\u00e1sokat nem lehet sz\u00e1ml\u00e1z\u00e1si c\u00e9lb\u00f3l t\u00f6bb r\u00e9szre osztani. Amennyiben k\u00e9t vagy t\u00f6bb vend\u00e9g (vagy c\u00e9g) nev\u00e9re k\u00fcl\u00f6n ki\u00e1ll\u00edtott sz\u00e1ml\u00e1kat szeretne, \u00fagy mindegyik\u00fck r\u00e9sz\u00e9re k\u00fcl\u00f6n foglal\u00e1st kell r\u00f6gz\u00edteni\/v\u00e9gezni. Ugyanakkor a foglal\u00e1sokon v\u00e9gzett k\u00e9s\u0151bbi m\u00f3dos\u00edt\u00e1sokat (pl. tov\u00e1bbi szolg\u00e1ltat\u00e1sok v\u00e1s\u00e1rl\u00e1s\u00e1t) k\u00fcl\u00f6n sz\u00e1ml\u00e1zzuk.<\/p>\n<p>A Szolg\u00e1ltat\u00f3 minden egyes foglal\u00e1sr\u00f3l, illetve a panzi\u00f3b\u00f3l val\u00f3 t\u00e1voz\u00e1st k\u00f6vet\u0151en elektronikus sz\u00e1ml\u00e1t k\u00fcld arra az e-mail c\u00edmre, amelyet a foglal\u00e1skor megadtak. Az elektronikus sz\u00e1ml\u00e1t a Szolg\u00e1ltat\u00f3 c\u00edmr\u0151l k\u00fcldj\u00fck ki a foglal\u00e1skor megadott e-mail c\u00edm\u00e9re.<\/p>\n<p>Ha b\u00e1rmilyen okb\u00f3l pap\u00edralap\u00fa sz\u00e1ml\u00e1ra van sz\u00fcks\u00e9ge, \u00fagy k\u00e9rj\u00fck, azt e-mail \u00fatj\u00e1n jelezze az info@dominiumwine.com e-mail c\u00edmen.<\/p>\n<p>Ha b\u00e1rmilyen hib\u00e1t \u00e9szlel a sz\u00e1ml\u00e1val kapcsolatban, a probl\u00e9ma orvosl\u00e1sa \u00e9rdek\u00e9ben a Vend\u00e9g, illetve a sz\u00e1ml\u00e1n vev\u0151k\u00e9nt megjel\u00f6lt szem\u00e9ly\/c\u00e9g k\u00fcldj\u00f6n elektronikus levelet a k\u00f6vetkez\u0151 c\u00edmre:<\/p>\n<p><br><\/p>\n<p>Vinum Dominium Kft.<\/p>\n<p>3200 Gy\u00f6ngy\u00f6s, K\u00fclter\u00fclet 067\/50.<\/p>\n<p>info@dominiumwine.com<\/p>\n<p><br><\/p>\n<p>C\u00e9lunk, hogy a jelzett \u00e9szrev\u00e9telt a bejelent\u00e9st\u0151l sz\u00e1m\u00edtott 15 napon bel\u00fcl kezelj\u00fck \u00e9s visszajelezz\u00fcnk \u00d6nnek.<\/p>\n<p><br><\/p>\n<p>A Szolg\u00e1ltat\u00f3 \u00e1ltal ki\u00e1ll\u00edtott eredeti elektronikus sz\u00e1mla a foglal\u00e1sban megjel\u00f6lt szem\u00e9ly\/c\u00e9g r\u00e9sz\u00e9re megk\u00fcld\u00f6tt e-mailhez csatolt PDF-f\u00e1jl. A vonatkoz\u00f3 magyar jogszab\u00e1lyoknak (jelenleg ez a 2001. \u00e9vi XXXV. t\u00f6rv\u00e9ny az elektronikus al\u00e1\u00edr\u00e1sr\u00f3l, a 2000. \u00e9vi C t\u00f6rv\u00e9ny a sz\u00e1mvitelr\u0151l, valamint a 46\/2007. PM rendelet) megfelel\u0151en a t\u00e1rsas\u00e1gok jogosultak sz\u00e1ml\u00e1ikat elektronikus form\u00e1ban kibocs\u00e1tani.<\/p>\n<p>Az elektronikus sz\u00e1mla egy speci\u00e1lis form\u00e1tum\u00fa f\u00e1jl, amely tartalmazza a Szolg\u00e1ltat\u00f3 \u00e1ltal kibocs\u00e1tott hagyom\u00e1nyos sz\u00e1mla k\u00e9p\u00e9t egy PDF-dokumentum form\u00e1j\u00e1ban (amely teljes\u00edti a 2007. \u00e9vi CXXVII. \u00e1fat\u00f6rv\u00e9ny \u00e1ltal el\u0151\u00edrt magyar sz\u00e1mlaform\u00e1tum k\u00f6vetelm\u00e9nyeit), valamint (a PDF-f\u00e1jlon bel\u00fcl) az elektronikus al\u00e1\u00edr\u00e1s\u00e1t \u00e9s id\u0151b\u00e9lyeg\u00e9t a fent hivatkozott magyar jogszab\u00e1lyok el\u0151\u00edr\u00e1sainak megfelel\u0151en.<\/p>\n<p>Az al\u00e1\u00edr\u00e1s a Szolg\u00e1ltat\u00f3 nev\u00e9ben k\u00e9sz\u00fcl, \u00e9s el van l\u00e1tva a e c\u00e9lb\u00f3l szerz\u0151d\u00f6tt min\u0151s\u00edtett tan\u00fas\u00edt\u00f3 int\u00e9zet \u00e1ltal kiadott \u201emin\u0151s\u00edtett tan\u00fas\u00edtv\u00e1nnyal\u201d. Az elektronikus sz\u00e1mla minden sz\u00fcks\u00e9ges inform\u00e1ci\u00f3t tartalmaz, amelynek birtok\u00e1ban a sz\u00e1mla al\u00e1\u00edr\u00e1s\u00e1hoz \u00e9s id\u0151b\u00e9lyeg\u00e9hez csatolt tan\u00fas\u00edtv\u00e1ny \u00e9rv\u00e9nyess\u00e9ge ellen\u0151rizhet\u0151.<\/p>\n<p>Amennyiben a sz\u00e1ml\u00e1t k\u00f6nyvel\u00e9si bizonylatk\u00e9nt haszn\u00e1lj\u00e1k, \u00fagy a sz\u00e1mla befogad\u00f3ja az elektronikus sz\u00e1ml\u00e1t k\u00f6teles elektronikus form\u00e1ban t\u00e1rolni (a nyomtatott sz\u00e1ml\u00e1khoz hasonl\u00f3an).<\/p>\n<p>Az elektronikus sz\u00e1mla eredet\u00e9nek \u00e9s hiteless\u00e9g\u00e9nek a megtekint\u00e9s\u00e9hez \u00e9s ellen\u0151rz\u00e9s\u00e9hez az Adobe Reader 8-as vagy frissebb verzi\u00f3j\u00fa programj\u00e1t kell telep\u00edteni a sz\u00e1m\u00edt\u00f3g\u00e9pre.<\/p>\n<p>14. Elhelyez\u00e9si garancia<\/p>\n<p>14.1. Amennyiben a Szolg\u00e1ltat\u00f3 panzi\u00f3ja a Szerz\u0151d\u00e9sben szerepl\u0151 szolg\u00e1ltat\u00e1sokat saj\u00e1t hib\u00e1j\u00e1b\u00f3l (pl. t\u00falt\u00f6lt\u00e9s, ideiglenes \u00fczemeltet\u00e9si probl\u00e9m\u00e1k, stb.) nem tudja biztos\u00edtani, a Szolg\u00e1ltat\u00f3 k\u00f6teles a Vend\u00e9g elhelyez\u00e9s\u00e9r\u0151l halad\u00e9ktalanul gondoskodni.<\/p>\n<p>14.2. A Szolg\u00e1ltat\u00f3 k\u00f6teles a szerz\u0151d\u00e9sben szerepl\u0151 szolg\u00e1ltat\u00e1sokat, az abban visszaigazolt \u00e1ron, az ott kik\u00f6t\u00f6tt id\u0151tartamra \u2013 vagy az akad\u00e1lyoztat\u00e1s megsz\u0171nt\u00e9ig \u2013 egy m\u00e1sik, ugyanazon vagy magasabb kateg\u00f3ri\u00e1j\u00fa sz\u00e1ll\u00e1shelyen biztos\u00edtani\/felaj\u00e1nlani. A helyettes\u00edt\u0151 sz\u00e1ll\u00e1shely biztos\u00edt\u00e1s\u00e1nak valamennyi t\u00f6bbletk\u00f6lts\u00e9ge a Szolg\u00e1ltat\u00f3t terheli.<\/p>\n<p>14.3. Amennyiben a Szolg\u00e1ltat\u00f3 ezen k\u00f6telezetts\u00e9geinek marad\u00e9ktalanul eleget tesz, illetve, ha a Vend\u00e9g a sz\u00e1m\u00e1ra felaj\u00e1nlott helyettes\u00edt\u0151 sz\u00e1ll\u00e1slehet\u0151s\u00e9get elfogadta, ut\u00f3lagos k\u00e1rt\u00e9r\u00edt\u00e9si ig\u00e9nnyel a Szerz\u0151d\u0151 f\u00e9l nem \u00e9lhet.<\/p>\n<p>15. A Vend\u00e9g jogai<\/p>\n<p>15.1. A sz\u00e1ll\u00e1s szolg\u00e1ltat\u00e1si szerz\u0151d\u00e9s megk\u00f6t\u00e9s\u00e9vel a Vend\u00e9g jogosults\u00e1got szerez a b\u00e9relt helyis\u00e9gek szok\u00e1sos haszn\u00e1lat\u00e1ra, valamint az elsz\u00e1ll\u00e1sol\u00e1si \u00fczem szok\u00e1s szerint \u00e9s k\u00fcl\u00f6n\u00f6sebb felt\u00e9telek n\u00e9lk\u00fcl Vend\u00e9gek haszn\u00e1lat\u00e1ra bocs\u00e1tott l\u00e9tes\u00edtm\u00e9nyeinek szok\u00e1sos haszn\u00e1lat\u00e1ra, valamint a szok\u00e1sos kiszolg\u00e1l\u00e1sra a ki\u00edr\u00e1snak megfelel\u0151 nyitva-tart\u00e1si id\u0151ben.<\/p>\n<p>15.2. A Vend\u00e9g a Szolg\u00e1ltat\u00f3 \u00e1ltal ny\u00fajtott szolg\u00e1ltat\u00e1sok teljes\u00edt\u00e9s\u00e9vel kapcsolatban panasszal \u00e9lhet a sz\u00e1ll\u00e1shelyen val\u00f3 tart\u00f3zkod\u00e1s id\u0151tartama alatt. A Szolg\u00e1ltat\u00f3 ezen id\u0151szakban hozz\u00e1 \u00edr\u00e1sban igazoltan eljuttatott (vagy \u00e1ltala jegyz\u0151k\u00f6nyvbe felvett) panasz kezel\u00e9s\u00e9re v\u00e1llal k\u00f6telezetts\u00e9get. Szolg\u00e1ltat\u00f3 az esetleges reklam\u00e1ci\u00f3kat egyedileg kezeli. Panaszt a Vend\u00e9g \u00edr\u00e1sban az al\u00e1bbi c\u00edmen \u00e9s el\u00e9rhet\u0151s\u00e9geken tehet:<\/p>\n<p>Vinum Dominium Kft.<\/p>\n<p>3200 Gy\u00f6ngy\u00f6s, K\u00fclter\u00fclet 067\/50.<\/p>\n<p>06\/30 570 3849<\/p>\n<p>info@dominiumwine.com<\/p>\n<p>16. A Vend\u00e9g k\u00f6teless\u00e9gei<\/p>\n<p>16.1. A meg\u00e1llapod\u00e1s szerinti d\u00edj megfizet\u00e9se: a visszaigazol\u00e1sban r\u00f6gz\u00edtett hat\u00e1rid\u0151ig, vagy a sz\u00e1ll\u00e1s-szolg\u00e1ltat\u00e1si szerz\u0151d\u00e9s befejez\u0151d\u00e9sekor esed\u00e9kes.<\/p>\n<p>16.2. Abban az esetben, ha a Vend\u00e9gek \u00e9lelmiszert vagy italokat behoznak a panzi\u00f3ba, \u00e9s nyilv\u00e1nos helyis\u00e9gekben elfogyasztj\u00e1k, a Szolg\u00e1ltat\u00f3 jogosult arra, hogy ezek\u00e9rt m\u00e9lt\u00e1nyos t\u00e9r\u00edt\u00e9st sz\u00e1ml\u00e1zzon ki (az \u00fagy nevezett &#8222;dug\u00f3p\u00e9nz&#8221; italok eset\u00e9n). A panzi\u00f3 vend\u00e9gl\u00e1t\u00f3 ipari egys\u00e9geib\u0151l \u00e9telt \/ italt panzi\u00f3vend\u00e9geknek kivinni tilos.<\/p>\n<p>A panzi\u00f3ba idegen eredet\u0171 alkoholt behozni tilos, az h\u00e1zirend szeg\u00e9s\u00e9t vonja maga ut\u00e1n, \u00e9s a szolg\u00e1ltat\u00f3 k\u00f6tb\u00e9rt fizettethet a vend\u00e9ggel, melynek m\u00e9rt\u00e9ke 10.000 Ft\/vend\u00e9g\/\u00e9j.<\/p>\n<p>16.3. A Vend\u00e9gek \u00e1ltal sz\u00e1ll\u00e1shelyre behozott olyan elektromos k\u00e9sz\u00fcl\u00e9kek \u00fczembe helyez\u00e9se el\u0151tt, melyek nem tartoznak a megszokott utaz\u00e1si sz\u00fcks\u00e9gletek k\u00f6z\u00e9, ki kell k\u00e9rni a Szolg\u00e1ltat\u00f3 hozz\u00e1j\u00e1rul\u00e1s\u00e1t.<\/p>\n<p>16.4. A sz\u00e1ll\u00f3vend\u00e9gek g\u00e9pj\u00e1rm\u0171vei t\u00e9r\u00edt\u00e9smentesen parkolhatnak a fedetlen \u00e9s nem \u0151rz\u00f6tt parkol\u00f3nkban. A parkol\u00f3ban elhelyezett g\u00e9pj\u00e1rm\u0171vekben \u00e9s az azokban elhelyezett t\u00e1rgyakban keletkez\u0151 b\u00e1rmif\u00e9le k\u00e1r\u00e9rt (ide\u00e9rtve p\u00e9ld\u00e1ul, de nem kiz\u00e1r\u00f3lag: a g\u00e9pkocsi felt\u00f6r\u00e9st \u00e9s a g\u00e9pkocsiban l\u00e9v\u0151 b\u00e1rmely t\u00e1rgy eltulajdon\u00edt\u00e1s\u00e1t; a g\u00e9pj\u00e1rm\u0171 ellop\u00e1s\u00e1t; term\u00e9szeti jelens\u00e9g okozta k\u00e1rok) a Szolg\u00e1ltat\u00f3 a felel\u0151ss\u00e9g\u00e9t kiz\u00e1rja. A panzi\u00f3 a szob\u00e1kban hagyott \u00e9rt\u00e9kt\u00e1rgyak\u00e9rt felel\u0151ss\u00e9get nem v\u00e1llal. A recepci\u00f3n van lehet\u0151s\u00e9g \u00e9rt\u00e9kmeg\u0151rz\u00e9s k\u00e9r\u00e9s\u00e9re.<\/p>\n<p>16.5. A szemetet a komplexum ter\u00fclet\u00e9n, illetve a szob\u00e1kban elhelyezett szem\u00e9tgy\u0171jt\u0151 ed\u00e9nyekbe k\u00e9rj\u00fck kidobni. A szob\u00e1b\u00f3l, illetve az \u00e9p\u00fcletb\u0151l b\u00fatorokat kivinni, \u00e1thelyezni nem lehet.<\/p>\n<p>16.6. A komplexum ter\u00fclet\u00e9n l\u00e9v\u0151 eszk\u00f6z\u00f6ket, berendez\u00e9seket sz\u00e1ll\u00f3vend\u00e9g kiz\u00e1r\u00f3lag saj\u00e1t felel\u0151ss\u00e9g\u00e9re, haszn\u00e1lhatja, a kif\u00fcggesztett haszn\u00e1lati\/kezel\u00e9si \u00fatmutat\u00f3kban le\u00edrtak k\u00f6telez\u0151 \u00e9rv\u00e9ny\u0171 betart\u00e1sa mellett.<\/p>\n<p>16.7. A nemdoh\u00e1nyz\u00f3k v\u00e9delm\u00e9r\u0151l sz\u00f3l\u00f3 1999. \u00e9vi XLII. t\u00f6rv\u00e9ny v\u00e9grehajt\u00e1sa \u00e9rtelm\u00e9ben a panzi\u00f3 z\u00e1rt helyis\u00e9geiben (bele\u00e9rtve a vend\u00e9gszob\u00e1kat is), k\u00f6z\u00f6ss\u00e9gi ter\u00fcletein tilos a doh\u00e1nyz\u00e1s. A hivatkozott jogszab\u00e1ly betart\u00e1s\u00e1ra vonatkoz\u00f3 k\u00f6teless\u00e9gre felh\u00edv\u00f3 jelz\u00e9seket a jogszab\u00e1lyban el\u0151\u00edrt ter\u00fcleteken a panzi\u00f3 elhelyezte. A panzi\u00f3 alkalmazottai jogosultak a vend\u00e9geket, valamint a panzi\u00f3 ter\u00fclet\u00e9n tart\u00f3zkod\u00f3 b\u00e1rmely m\u00e1s szem\u00e9lyt figyelmeztetni a jogszab\u00e1ly betart\u00e1s\u00e1ra, illetve a jogszer\u0171tlen magatart\u00e1s abbahagy\u00e1s\u00e1ra. A vend\u00e9gek, illetve a panzi\u00f3 ter\u00fclet\u00e9n tart\u00f3zkod\u00f3 b\u00e1rmely szem\u00e9ly k\u00f6teles a jogszab\u00e1ly betart\u00e1s\u00e1ra, valamint az esetleges felsz\u00f3l\u00edt\u00e1s teljes\u00edt\u00e9s\u00e9re.<\/p>\n<p>Amennyiben b\u00e1rmely vend\u00e9g vagy a panzi\u00f3 ter\u00fclet\u00e9n tart\u00f3zkod\u00f3 egy\u00e9b szem\u00e9ly jogs\u00e9rt\u0151 magatart\u00e1sa miatt a panzi\u00f3 \u00fczemeltet\u0151j\u00e9t az illet\u00e9kes hat\u00f3s\u00e1g a hivatkozott jogszab\u00e1ly alapj\u00e1n b\u00edrs\u00e1ggal s\u00fajtja, \u00fagy az \u00fczemeltet\u0151 fenntartja mag\u00e1nak a jogot, hogy az adott jogs\u00e9rt\u0151 magatart\u00e1st tan\u00fas\u00edt\u00f3 szem\u00e9lyre a b\u00edrs\u00e1g \u00f6sszeg\u00e9t \u00e1th\u00e1r\u00edtsa, illetve annak megfizet\u00e9s\u00e9t t\u0151le k\u00f6vetelje.<\/p>\n<p>Amennyiben a vend\u00e9g bizony\u00edthat\u00f3an megszegi a fenti jogszab\u00e1lyban foglalt k\u00f6telezetts\u00e9geket, \u00fagy k\u00f6teles 10000 Ft d\u00edjat fizetni a panzi\u00f3 \u00fczemeltet\u0151je r\u00e9sz\u00e9re, melyet a panzi\u00f3 \u00fczemeltet\u0151je jogosult a vend\u00e9g szobasz\u00e1ml\u00e1j\u00e1ra terhel\u00e9sk\u00e9nt r\u00e1vezetni \u00e9s melyet a vend\u00e9g k\u00f6teles t\u00e1voz\u00e1skor kifizetni.<\/p>\n<p>16.8. T\u0171z eset\u00e9n a recepci\u00f3t k\u00e9rj\u00fck halad\u00e9ktalanul \u00e9rtes\u00edteni.<\/p>\n<p>16.9. A szob\u00e1kat \u00e9s a panzi\u00f3 k\u00f6z\u00f6s haszn\u00e1lat\u00fa eszk\u00f6zeit, berendez\u00e9si t\u00e1rgyait k\u00f6z\u00f6sen haszn\u00e1l\u00f3 Vend\u00e9gek a rendeltet\u00e9sellenes haszn\u00e1lat sor\u00e1n bek\u00f6vetkezett k\u00e1rokoz\u00e1s\u00e9rt egyetemlegesen felelnek.<\/p>\n<p>16.10. A sz\u00e1ll\u00f3vend\u00e9g \u00e1ltal hozott t\u0171zij\u00e1t\u00e9khoz \u00e9s egy\u00e9b enged\u00e9lyk\u00f6teles tev\u00e9kenys\u00e9ghez a panzi\u00f3 \u00edr\u00e1sos hozz\u00e1j\u00e1rul\u00e1sa, tov\u00e1bb\u00e1 a sz\u00e1ll\u00f3vend\u00e9gek \u00e1ltali hat\u00f3s\u00e1gi enged\u00e9lyek beszerz\u00e9se sz\u00fcks\u00e9ges.<\/p>\n<p>16.11. A Vend\u00e9g gondoskodik arr\u00f3l, hogy a felel\u0151ss\u00e9ge al\u00e1 tartoz\u00f3 14 \u00e9v alatti gyermek csak feln\u0151tt fel\u00fcgyelete mellett tart\u00f3zkodjon a Szolg\u00e1ltat\u00f3 panzi\u00f3j\u00e1ban.<\/p>\n<p>16.12. A Vend\u00e9gnek az \u0151t \u00e9rt k\u00e1rt azonnal jelentenie kell a panzi\u00f3ban, \u00e9s minden sz\u00fcks\u00e9ges adatot a panzi\u00f3 rendelkez\u00e9s\u00e9re kell bocs\u00e1tania, amely a k\u00e1reset k\u00f6r\u00fclm\u00e9nyeinek tiszt\u00e1z\u00e1s\u00e1hoz, esetleg a rend\u0151rs\u00e9gi jegyz\u0151k\u00f6nyv felv\u00e9tel\u00e9hez\/rend\u0151rs\u00e9gi elj\u00e1r\u00e1shoz sz\u00fcks\u00e9ges.<\/p>\n<p>16.13. A Vend\u00e9g kifejezetten tudom\u00e1sul veszik, hogy a panzi\u00f3 k\u00f6z\u00f6s haszn\u00e1lat\u00fa ter\u00fcletein (kiv\u00e9ve \u00f6lt\u00f6z\u0151k, mell\u00e9khelyis\u00e9gek, de bele\u00e9rtve a g\u00e9pkocsi parkol\u00f3t \u00e9s a panzi\u00f3hoz k\u00f6zvetlen\u00fcl tartoz\u00f3 k\u00fcls\u0151 ter\u00fcleteket) vagyonv\u00e9delmi okokb\u00f3l z\u00e1rtl\u00e1nc\u00fa kamerarendszert \u00fczemeltet, melynek felv\u00e9telei a vonatkoz\u00f3 jogszab\u00e1lyi el\u0151\u00edr\u00e1sok alapj\u00e1n t\u00f6rl\u00e9sre ker\u00fclnek.<\/p>\n<p>17. \u00c1llatok behozatala<\/p>\n<p>17.1. Panzi\u00f3nkba \u00e1llat nem hozhat\u00f3 be, k\u00f6sz\u00f6nj\u00fck a meg\u00e9rt\u00e9st.<\/p>\n<p>18. A Szolg\u00e1ltat\u00f3 jogai<\/p>\n<p>18.1. Amennyiben a Vend\u00e9g az ig\u00e9nybe vett, vagy a Szerz\u0151d\u00e9sben megrendelt, de ig\u00e9nybe nem vett k\u00f6tb\u00e9rk\u00f6teles szolg\u00e1ltat\u00e1sok d\u00edj\u00e1nak megfizet\u00e9s\u00e9re vonatkoz\u00f3 k\u00f6telezetts\u00e9g\u00e9nek nem tesz eleget, a Szolg\u00e1ltat\u00f3t k\u00f6vetel\u00e9sei biztos\u00edt\u00e1s\u00e1ra z\u00e1logjog illeti meg a Vend\u00e9gnek azon szem\u00e9lyes tulajdont\u00e1rgyain, amelyeket a panzi\u00f3ba mag\u00e1val vitt.<\/p>\n<p>19. A Szolg\u00e1ltat\u00f3 k\u00f6teless\u00e9ge<\/p>\n<p>19.1. A szerz\u0151d\u00e9s alapj\u00e1n megrendelt sz\u00e1ll\u00e1s \u00e9s egy\u00e9b szolg\u00e1ltat\u00e1sok az \u00e9rv\u00e9nyes el\u0151\u00edr\u00e1sok, szolg\u00e1ltat\u00e1s standardok szerinti teljes\u00edt\u00e9se.<\/p>\n<p>19.2. A Vend\u00e9g \u00edr\u00e1sos panasz\u00e1nak kivizsg\u00e1l\u00e1sa \u00e9s a probl\u00e9ma kezel\u00e9s\u00e9hez sz\u00fcks\u00e9ges l\u00e9p\u00e9sek megt\u00e9tele, azok \u00edr\u00e1sban t\u00f6rt\u00e9n\u0151 r\u00f6gz\u00edt\u00e9se.<\/p>\n<p>19.3. A panzi\u00f3n bel\u00fcli ter\u00fcleten, valamint az udvaron Vend\u00e9geink nyugalma \u00e9rdek\u00e9ben 22.00 \u00f3r\u00e1t k\u00f6vet\u0151 id\u0151szakban hangoskodni tilos, bele\u00e9rtve a szob\u00e1k bels\u0151 tereiben t\u00f6rt\u00e9n\u0151 zavar\u00f3 hangerej\u0171 telev\u00edzi\u00f3z\u00e1st, zenehallgat\u00e1st, valamint a hallban l\u00e9v\u0151 hangos zen\u00e9l\u00e9st, melynek betart\u00e1s\u00e1\u00e9rt a panzi\u00f3i szem\u00e9lyzet felel.<\/p>\n<p>20. A Vend\u00e9g betegs\u00e9ge, hal\u00e1la<\/p>\n<p>20.1. Amennyiben a sz\u00e1ll\u00e1s-szolg\u00e1ltat\u00e1s ig\u00e9nybev\u00e9tel\u00e9nek id\u0151tartama alatt a Vend\u00e9g megbetegszik, \u00e9s maga nem k\u00e9pes saj\u00e1t \u00e9rdek\u00e9ben elj\u00e1rni, a Szolg\u00e1ltat\u00f3 orvosi seg\u00edts\u00e9get aj\u00e1nl fel.<\/p>\n<p>20.2. A Vend\u00e9g betegs\u00e9ge\/hal\u00e1la eset\u00e9n a Szolg\u00e1ltat\u00f3 k\u00f6lts\u00e9gkompenz\u00e1ci\u00f3ra tart ig\u00e9nyt a beteg\/elhunyt hozz\u00e1tartoz\u00f3ja, \u00f6r\u00f6k\u00f6se, illet\u0151leg a sz\u00e1mlafizet\u0151je r\u00e9sz\u00e9r\u0151l; az esetleges orvosi \u00e9s elj\u00e1r\u00e1si k\u00f6lts\u00e9gek, az elhal\u00e1loz\u00e1st megel\u0151z\u0151en ig\u00e9nybe vett szolg\u00e1ltat\u00e1sok ellen\u00e9rt\u00e9k\u00e9nek, \u00e9s a betegs\u00e9g\/hal\u00e1leset kapcs\u00e1n a felszerel\u00e9sekben, berendez\u00e9si t\u00e1rgyakban keletkezett esetleges k\u00e1rok tekintet\u00e9ben.<\/p>\n<p>21. Az adatkezel\u00e9s biztons\u00e1ga<\/p>\n<p>21.1. A Vend\u00e9g \u00e1ltal megadott szem\u00e9lyes adatokhoz kiz\u00e1r\u00f3lag az adatkezel\u0151 munkat\u00e1rsai f\u00e9rhetnek hozz\u00e1. Szem\u00e9lyes adatokat a megjel\u00f6lteken k\u00edv\u00fcl harmadik szem\u00e9lyeknek az adatkezel\u0151 nem ad \u00e1t.<\/p>\n<p>21.2. A Szolg\u00e1ltat\u00f3 harmadik f\u00e9l r\u00e9sz\u00e9re szem\u00e9lyes adatokat nem ad ki, csak az \u00e9rintett el\u0151zetes \u00e9s kifejezett hozz\u00e1j\u00e1rul\u00e1sa alapj\u00e1n.<\/p>\n<p>22. A Szolg\u00e1ltat\u00f3 k\u00e1rt\u00e9r\u00edt\u00e9si felel\u0151ss\u00e9ge<\/p>\n<p>22.1. A Szolg\u00e1ltat\u00f3 felel\u0151ss\u00e9get v\u00e1llal az\u00e9rt a k\u00e1r\u00e9rt, amelyet a megsz\u00e1ll\u00f3 Vend\u00e9g dolgainak elveszt\u00e9se, megs\u00e9r\u00fcl\u00e9se vagy megsemmis\u00fcl\u00e9se folyt\u00e1n szenved el, felt\u00e9ve, hogy azokat a Vend\u00e9g a Szolg\u00e1ltat\u00f3 \u00e1ltal kijel\u00f6lt \u00e9rt\u00e9kmeg\u0151rz\u0151ben helyezte el, vagy amelyeket a Szolg\u00e1ltat\u00f3 olyan alkalmazottj\u00e1nak adott \u00e1t, akit dolgai \u00e1tv\u00e9tel\u00e9re jogosultnak tarthatott.<\/p>\n<p>22.2. A Szolg\u00e1ltat\u00f3 felel\u0151ss\u00e9ge nem terjed ki azokra a k\u00e1resem\u00e9nyekre, amelyek a Szolg\u00e1ltat\u00f3 alkalmazottainak \u00e9s Vend\u00e9geinek k\u00f6r\u00e9n k\u00edv\u00fcl es\u0151 elh\u00e1r\u00edthatatlan ok miatt k\u00f6vetkeztek be, vagy azokat a Vend\u00e9g maga okozta.<\/p>\n<p>22.3. A Szolg\u00e1ltat\u00f3 kijel\u00f6lhet olyan helyeket a komplexum ter\u00fclet\u00e9n, ahov\u00e1 Vend\u00e9g nem l\u00e9phet be. Az ilyen helyeken t\u00f6rt\u00e9nt esetleges Vend\u00e9get \u00e9rt k\u00e1r\u00e9rt, s\u00e9r\u00fcl\u00e9s\u00e9rt a Szolg\u00e1ltat\u00f3 felel\u0151ss\u00e9get nem v\u00e1llal.<\/p>\n<p>22.4. \u00c9rt\u00e9kt\u00e1rgyak\u00e9rt, \u00e9rt\u00e9kpap\u00edrok\u00e9rt \u00e9s k\u00e9szp\u00e9nz\u00e9rt a Szolg\u00e1ltat\u00f3 csak akkor felel\u0151s, ha a dolgot meg\u0151rz\u00e9sre kifejezetten \u00e1tvette, vagy a meg\u0151rz\u00e9sre \u00e1tv\u00e9telt kifejezetten megtagadta, vagy a k\u00e1r olyan okb\u00f3l k\u00f6vetkezett be, amely\u00e9rt az \u00e1ltal\u00e1nos szab\u00e1lyok szerint felel\u0151ss\u00e9ggel tartozik. Ebben az esetben a bizony\u00edt\u00e1s a Vend\u00e9get terheli.<\/p>\n<p>22.5. Nem felel tov\u00e1bb\u00e1 a Szolg\u00e1ltat\u00f3 a nem rendeltet\u00e9sszer\u0171 haszn\u00e1latb\u00f3l ered\u0151 k\u00e1rok\u00e9rt.<\/p>\n<p>23. Titoktart\u00e1s<\/p>\n<p>23.1. A Szolg\u00e1ltat\u00f3 a Szerz\u0151d\u00e9sben foglalt k\u00f6telezetts\u00e9ge teljes\u00edt\u00e9se sor\u00e1n k\u00f6teles a szem\u00e9lyes adatok v\u00e9delm\u00e9r\u0151l \u00e9s a k\u00f6z\u00e9rdek\u0171 adatok nyilv\u00e1noss\u00e1g\u00e1r\u00f3l sz\u00f3l\u00f3 t\u00f6rv\u00e9ny szab\u00e1lyainak megfelel\u0151en elj\u00e1rni.<\/p>\n<p>24. Vis major<\/p>\n<p>24.1. Azon ok, vagy k\u00f6r\u00fclm\u00e9ny (p\u00e9ld\u00e1ul; h\u00e1bor\u00fa, t\u0171z, \u00e1rv\u00edz, id\u0151j\u00e1r\u00e1sbeli viszontags\u00e1g, \u00e1ramhi\u00e1ny, sztr\u00e1jk bek\u00f6vetkez\u00e9se), amely felett a f\u00e9l nem b\u00edr ellen\u0151rz\u00e9ssel (vis major), b\u00e1rmely felet felmentik a Szerz\u0151d\u00e9sb\u0151l ered\u0151 k\u00f6teless\u00e9geik teljes\u00edt\u00e9se al\u00f3l, am\u00edg ezen ok vagy k\u00f6r\u00fclm\u00e9ny fenn\u00e1ll.<\/p>\n<p>25. A teljes\u00edt\u00e9s helye \u00e9s a felek jogviszony\u00e1ban alkalmazand\u00f3 jog, elj\u00e1r\u00f3 b\u00edr\u00f3s\u00e1g<\/p>\n<p>25.1. A teljes\u00edt\u00e9s helye az a hely, ahol az elsz\u00e1ll\u00e1sol\u00f3 panzi\u00f3 tal\u00e1lhat\u00f3.<\/p>\n<p>25.2. Valamennyi az elsz\u00e1ll\u00e1sol\u00e1si szerz\u0151d\u00e9sb\u0151l ered\u0151 vit\u00e1val kapcsolatban, a Szolg\u00e1ltat\u00f3 vonatkoz\u00e1s\u00e1ban, \u00e9rdemben \u00e9s helyileg illet\u00e9kes b\u00edr\u00f3s\u00e1g ker\u00fcl kijel\u00f6l\u00e9sre.<\/p>\n<p>25.3. A Szolg\u00e1ltat\u00f3 \u00e9s a Vend\u00e9g k\u00f6z\u00f6tti jogviszonyra a magyar jogszab\u00e1lyok rendelkez\u00e9sei az ir\u00e1nyad\u00f3ak.<\/p>\n<p>26. A honlapunk l\u00e1togat\u00f3inak adatai<\/p>\n<p>26.1. A Szolg\u00e1ltat\u00f3 az \u00e1ltala \u00fczemeltetett weboldal l\u00e1togat\u00e1sakor sem a felhaszn\u00e1l\u00f3 IP c\u00edm\u00e9t, sem m\u00e1s szem\u00e9lyes adatot nem r\u00f6gz\u00edt. A weblap l\u00e1togat\u00e1sa sor\u00e1n szabadon \u00e9s n\u00e9v n\u00e9lk\u00fcl biztos\u00edtott a keres\u00e9s. A Szolg\u00e1ltat\u00f3 a n\u00e9v n\u00e9lk\u00fcli internetes l\u00e1togat\u00e1st kiz\u00e1r\u00f3lag statisztikai c\u00e9lokra haszn\u00e1lja fel, internetes megjelen\u00e9se optimaliz\u00e1l\u00e1s\u00e1ra, a rendszer biztons\u00e1g\u00e1nak n\u00f6vel\u00e9s\u00e9re, a r\u00f6gz\u00edtett adatok nem tartalmaznak semminem\u0171 szem\u00e9lyes adatot.<\/p>\n<p>26.2. A Szolg\u00e1ltat\u00f3 a Felhaszn\u00e1l\u00f3kra vonatkoz\u00f3 valamennyi adatot \u00e9s t\u00e9nyt bizalmasan kezel, azokat kiz\u00e1r\u00f3lag saj\u00e1t kutat\u00e1s, statisztika k\u00e9sz\u00edt\u00e9s\u00e9hez haszn\u00e1lja fel.<\/p>\n<p>26.3. A Szolg\u00e1ltat\u00f3 nem v\u00e1llalja a felel\u0151ss\u00e9get a m\u00e1r t\u00f6r\u00f6lt, de az internetes keres\u0151programok k\u00f6zrem\u0171k\u00f6d\u00e9s\u00e9vel m\u00e9gis archiv\u00e1l\u00e1sra ker\u00fclt, kor\u00e1bbi oldalai\u00e9rt. Ezek elt\u00e1vol\u00edt\u00e1s\u00e1r\u00f3l a keres\u0151oldal m\u0171k\u00f6dtet\u0151j\u00e9nek kell gondoskodni.<\/p>\n<p>27. Adatv\u00e9delmi nyilatkozat<\/p>\n<p>27.1. A Szolg\u00e1ltat\u00f3 tev\u00e9kenys\u00e9ge sor\u00e1n kiemelten fontosnak tartja a szem\u00e9lyes adatok v\u00e9delm\u00e9t. A rendelkez\u00e9s\u00e9re bocs\u00e1tott szem\u00e9lyes adatokat minden esetben a hat\u00e1lyos jogszab\u00e1lyoknak eleget t\u00e9ve kezeli, gondoskodik azok biztons\u00e1g\u00e1r\u00f3l, megteszi azokat a technikai \u00e9s szervez\u00e9si int\u00e9zked\u00e9seket, valamint kialak\u00edtja azokat az elj\u00e1r\u00e1si szab\u00e1lyokat, amelyek a vonatkoz\u00f3 jogszab\u00e1lyok betart\u00e1s\u00e1hoz sz\u00fcks\u00e9gesek.<\/p>\n<p>A Szolg\u00e1ltat\u00f3 tev\u00e9kenys\u00e9ge sor\u00e1n a felhaszn\u00e1l\u00f3k adatait a Szolg\u00e1ltat\u00f3 az Adatv\u00e9delmi t\u00f6rv\u00e9ny \u00e9rtelm\u00e9ben kiz\u00e1r\u00f3lag szerz\u0151d\u00e9sk\u00f6t\u00e9si, sz\u00e1ml\u00e1z\u00e1si, valamint saj\u00e1t rekl\u00e1mc\u00e9ljaira haszn\u00e1lja fel.<\/p>\n<p>A sz\u00e1ll\u00e1s-szolg\u00e1ltat\u00e1si szerz\u0151d\u00e9s megk\u00f6t\u00e9se eset\u00e9n \u00d6n elfogadja, hogy elolvasta \u00e9s meg\u00e9rtette a fenti felt\u00e9teleket \u00e9s szab\u00e1lyokat, \u00e9s egyet\u00e9rt az azokban foglaltakkal. Az \u00c1SZF a k\u00e9s\u0151bbiek sor\u00e1n m\u00f3dosulhat.<\/p>\n<p>\u00c9rv\u00e9nyes visszavon\u00e1sig.<\/p>\n<p><br><\/p>\t\t\t\t\t\t<\/div>\n\t\t\t\t<\/div>\n\t\t\t\t\t<\/div>\n\t\t<\/div>\n\t\t\t\t\t<\/div>\n\t\t<\/section>\n\t\t\t\t<\/div>","protected":false},"excerpt":{"rendered":"<p>\u00c1ltal\u00e1nos szerz\u0151d\u00e9si felt\u00e9telek (\u00c1SZF) \u00c1LTAL\u00c1NOS SZERZ\u0150D\u00c9SI FELT\u00c9TELEK (\u00c1SZF) 1. \u00c1ltal\u00e1nos rendelkez\u00e9sek 1.1. Az \u00c1ltal\u00e1nos Szerz\u0151d\u00e9si Felt\u00e9telek (tov\u00e1bbiakban \u00c1SZF) azt a szerz\u0151d\u00e9ses tartalmat foglalj\u00e1k \u00f6ssze, melyek alapj\u00e1n a Vinum Dominium Kft. \u2013 Dominium Pinc\u00e9szet &#8211; (3200 Gy\u00f6ngy\u00f6s Farkasm\u00e1ly k\u00fclter\u00fclet hrsz:067\/50) tov\u00e1bbiakban Szolg\u00e1ltat\u00f3) \u00e1ltal\u00e1noss\u00e1gban elsz\u00e1ll\u00e1sol\u00e1si szerz\u0151d\u00e9st k\u00f6t Vend\u00e9geivel. 1.2. Egyedi felt\u00e9telek nem k\u00e9pezik a r\u00e9sz\u00e9t jelen \u00c1SZF-nek, [&hellip;]<\/p>","protected":false},"author":1,"featured_media":0,"parent":0,"menu_order":0,"comment_status":"closed","ping_status":"open","template":"","meta":{"footnotes":""},"class_list":["post-2378","page","type-page","status-publish","hentry"],"yoast_head":"<!-- This site is optimized with the Yoast SEO plugin v23.0 - https:\/\/yoast.com\/wordpress\/plugins\/seo\/ -->\n<title>\u00c1ltal\u00e1nos szerz\u0151d\u00e9si felt\u00e9telek - Dominium Pinc\u00e9szet<\/title>\n<meta name=\"robots\" content=\"index, follow, max-snippet:-1, max-image-preview:large, max-video-preview:-1\" \/>\n<link rel=\"canonical\" href=\"https:\/\/dominiumwine.com\/en\/altalanos-szerzodesi-feltetelek\/\" \/>\n<meta property=\"og:locale\" content=\"en_US\" \/>\n<meta property=\"og:type\" content=\"article\" \/>\n<meta property=\"og:title\" content=\"\u00c1ltal\u00e1nos szerz\u0151d\u00e9si felt\u00e9telek - Dominium Pinc\u00e9szet\" \/>\n<meta property=\"og:description\" content=\"\u00c1ltal\u00e1nos szerz\u0151d\u00e9si felt\u00e9telek (\u00c1SZF) \u00c1LTAL\u00c1NOS SZERZ\u0150D\u00c9SI FELT\u00c9TELEK (\u00c1SZF) 1. \u00c1ltal\u00e1nos rendelkez\u00e9sek 1.1. Az \u00c1ltal\u00e1nos Szerz\u0151d\u00e9si Felt\u00e9telek (tov\u00e1bbiakban \u00c1SZF) azt a szerz\u0151d\u00e9ses tartalmat foglalj\u00e1k \u00f6ssze, melyek alapj\u00e1n a Vinum Dominium Kft. \u2013 Dominium Pinc\u00e9szet &#8211; (3200 Gy\u00f6ngy\u00f6s Farkasm\u00e1ly k\u00fclter\u00fclet hrsz:067\/50) tov\u00e1bbiakban Szolg\u00e1ltat\u00f3) \u00e1ltal\u00e1noss\u00e1gban elsz\u00e1ll\u00e1sol\u00e1si szerz\u0151d\u00e9st k\u00f6t Vend\u00e9geivel. 1.2. Egyedi felt\u00e9telek nem k\u00e9pezik a r\u00e9sz\u00e9t jelen \u00c1SZF-nek, [&hellip;]\" \/>\n<meta property=\"og:url\" content=\"https:\/\/dominiumwine.com\/en\/altalanos-szerzodesi-feltetelek\/\" \/>\n<meta property=\"og:site_name\" content=\"Dominium Pinc\u00e9szet\" \/>\n<meta property=\"article:modified_time\" content=\"2025-11-16T15:35:57+00:00\" \/>\n<meta name=\"twitter:card\" content=\"summary_large_image\" \/>\n<meta name=\"twitter:label1\" content=\"Est. reading time\" \/>\n\t<meta name=\"twitter:data1\" content=\"18 minutes\" \/>\n<script type=\"application\/ld+json\" class=\"yoast-schema-graph\">{\"@context\":\"https:\/\/schema.org\",\"@graph\":[{\"@type\":\"WebPage\",\"@id\":\"https:\/\/dominiumwine.com\/altalanos-szerzodesi-feltetelek\/\",\"url\":\"https:\/\/dominiumwine.com\/altalanos-szerzodesi-feltetelek\/\",\"name\":\"\u00c1ltal\u00e1nos szerz\u0151d\u00e9si felt\u00e9telek - Dominium Pinc\u00e9szet\",\"isPartOf\":{\"@id\":\"https:\/\/dominiumwine.com\/#website\"},\"datePublished\":\"2025-11-16T10:28:14+00:00\",\"dateModified\":\"2025-11-16T15:35:57+00:00\",\"breadcrumb\":{\"@id\":\"https:\/\/dominiumwine.com\/altalanos-szerzodesi-feltetelek\/#breadcrumb\"},\"inLanguage\":\"en-US\",\"potentialAction\":[{\"@type\":\"ReadAction\",\"target\":[\"https:\/\/dominiumwine.com\/altalanos-szerzodesi-feltetelek\/\"]}]},{\"@type\":\"BreadcrumbList\",\"@id\":\"https:\/\/dominiumwine.com\/altalanos-szerzodesi-feltetelek\/#breadcrumb\",\"itemListElement\":[{\"@type\":\"ListItem\",\"position\":1,\"name\":\"Kezd\u0151lap\",\"item\":\"https:\/\/dominiumwine.com\/\"},{\"@type\":\"ListItem\",\"position\":2,\"name\":\"\u00c1ltal\u00e1nos szerz\u0151d\u00e9si felt\u00e9telek\"}]},{\"@type\":\"WebSite\",\"@id\":\"https:\/\/dominiumwine.com\/#website\",\"url\":\"https:\/\/dominiumwine.com\/\",\"name\":\"Dominium Pinc\u00e9szet\",\"description\":\"Term\u00e9szetess\u00e9g, min\u0151s\u00e9g, odaad\u00e1s.\",\"publisher\":{\"@id\":\"https:\/\/dominiumwine.com\/#organization\"},\"potentialAction\":[{\"@type\":\"SearchAction\",\"target\":{\"@type\":\"EntryPoint\",\"urlTemplate\":\"https:\/\/dominiumwine.com\/?s={search_term_string}\"},\"query-input\":\"required name=search_term_string\"}],\"inLanguage\":\"en-US\"},{\"@type\":\"Organization\",\"@id\":\"https:\/\/dominiumwine.com\/#organization\",\"name\":\"Dominium Pinc\u00e9szet\",\"url\":\"https:\/\/dominiumwine.com\/\",\"logo\":{\"@type\":\"ImageObject\",\"inLanguage\":\"en-US\",\"@id\":\"https:\/\/dominiumwine.com\/#\/schema\/logo\/image\/\",\"url\":\"https:\/\/dominiumwine.com\/wp-content\/uploads\/2023\/09\/13254653_1555236881446304_5392041322926135012_o.png\",\"contentUrl\":\"https:\/\/dominiumwine.com\/wp-content\/uploads\/2023\/09\/13254653_1555236881446304_5392041322926135012_o.png\",\"width\":2048,\"height\":1447,\"caption\":\"Dominium Pinc\u00e9szet\"},\"image\":{\"@id\":\"https:\/\/dominiumwine.com\/#\/schema\/logo\/image\/\"}}]}<\/script>\n<!-- \/ Yoast SEO plugin. -->","yoast_head_json":{"title":"\u00c1ltal\u00e1nos szerz\u0151d\u00e9si felt\u00e9telek - Dominium Pinc\u00e9szet","robots":{"index":"index","follow":"follow","max-snippet":"max-snippet:-1","max-image-preview":"max-image-preview:large","max-video-preview":"max-video-preview:-1"},"canonical":"https:\/\/dominiumwine.com\/en\/altalanos-szerzodesi-feltetelek\/","og_locale":"en_US","og_type":"article","og_title":"\u00c1ltal\u00e1nos szerz\u0151d\u00e9si felt\u00e9telek - Dominium Pinc\u00e9szet","og_description":"\u00c1ltal\u00e1nos szerz\u0151d\u00e9si felt\u00e9telek (\u00c1SZF) \u00c1LTAL\u00c1NOS SZERZ\u0150D\u00c9SI FELT\u00c9TELEK (\u00c1SZF) 1. \u00c1ltal\u00e1nos rendelkez\u00e9sek 1.1. Az \u00c1ltal\u00e1nos Szerz\u0151d\u00e9si Felt\u00e9telek (tov\u00e1bbiakban \u00c1SZF) azt a szerz\u0151d\u00e9ses tartalmat foglalj\u00e1k \u00f6ssze, melyek alapj\u00e1n a Vinum Dominium Kft. \u2013 Dominium Pinc\u00e9szet &#8211; (3200 Gy\u00f6ngy\u00f6s Farkasm\u00e1ly k\u00fclter\u00fclet hrsz:067\/50) tov\u00e1bbiakban Szolg\u00e1ltat\u00f3) \u00e1ltal\u00e1noss\u00e1gban elsz\u00e1ll\u00e1sol\u00e1si szerz\u0151d\u00e9st k\u00f6t Vend\u00e9geivel. 1.2. Egyedi felt\u00e9telek nem k\u00e9pezik a r\u00e9sz\u00e9t jelen \u00c1SZF-nek, [&hellip;]","og_url":"https:\/\/dominiumwine.com\/en\/altalanos-szerzodesi-feltetelek\/","og_site_name":"Dominium Pinc\u00e9szet","article_modified_time":"2025-11-16T15:35:57+00:00","twitter_card":"summary_large_image","twitter_misc":{"Est. reading time":"18 minutes"},"schema":{"@context":"https:\/\/schema.org","@graph":[{"@type":"WebPage","@id":"https:\/\/dominiumwine.com\/altalanos-szerzodesi-feltetelek\/","url":"https:\/\/dominiumwine.com\/altalanos-szerzodesi-feltetelek\/","name":"\u00c1ltal\u00e1nos szerz\u0151d\u00e9si felt\u00e9telek - Dominium Pinc\u00e9szet","isPartOf":{"@id":"https:\/\/dominiumwine.com\/#website"},"datePublished":"2025-11-16T10:28:14+00:00","dateModified":"2025-11-16T15:35:57+00:00","breadcrumb":{"@id":"https:\/\/dominiumwine.com\/altalanos-szerzodesi-feltetelek\/#breadcrumb"},"inLanguage":"en-US","potentialAction":[{"@type":"ReadAction","target":["https:\/\/dominiumwine.com\/altalanos-szerzodesi-feltetelek\/"]}]},{"@type":"BreadcrumbList","@id":"https:\/\/dominiumwine.com\/altalanos-szerzodesi-feltetelek\/#breadcrumb","itemListElement":[{"@type":"ListItem","position":1,"name":"Kezd\u0151lap","item":"https:\/\/dominiumwine.com\/"},{"@type":"ListItem","position":2,"name":"\u00c1ltal\u00e1nos szerz\u0151d\u00e9si felt\u00e9telek"}]},{"@type":"WebSite","@id":"https:\/\/dominiumwine.com\/#website","url":"https:\/\/dominiumwine.com\/","name":"Dominium Pinc\u00e9szet","description":"Term\u00e9szetess\u00e9g, min\u0151s\u00e9g, odaad\u00e1s.","publisher":{"@id":"https:\/\/dominiumwine.com\/#organization"},"potentialAction":[{"@type":"SearchAction","target":{"@type":"EntryPoint","urlTemplate":"https:\/\/dominiumwine.com\/?s={search_term_string}"},"query-input":"required name=search_term_string"}],"inLanguage":"en-US"},{"@type":"Organization","@id":"https:\/\/dominiumwine.com\/#organization","name":"Dominium Pinc\u00e9szet","url":"https:\/\/dominiumwine.com\/","logo":{"@type":"ImageObject","inLanguage":"en-US","@id":"https:\/\/dominiumwine.com\/#\/schema\/logo\/image\/","url":"https:\/\/dominiumwine.com\/wp-content\/uploads\/2023\/09\/13254653_1555236881446304_5392041322926135012_o.png","contentUrl":"https:\/\/dominiumwine.com\/wp-content\/uploads\/2023\/09\/13254653_1555236881446304_5392041322926135012_o.png","width":2048,"height":1447,"caption":"Dominium Pinc\u00e9szet"},"image":{"@id":"https:\/\/dominiumwine.com\/#\/schema\/logo\/image\/"}}]}},"jetpack_sharing_enabled":true,"_links":{"self":[{"href":"https:\/\/dominiumwine.com\/en\/wp-json\/wp\/v2\/pages\/2378","targetHints":{"allow":["GET"]}}],"collection":[{"href":"https:\/\/dominiumwine.com\/en\/wp-json\/wp\/v2\/pages"}],"about":[{"href":"https:\/\/dominiumwine.com\/en\/wp-json\/wp\/v2\/types\/page"}],"author":[{"embeddable":true,"href":"https:\/\/dominiumwine.com\/en\/wp-json\/wp\/v2\/users\/1"}],"replies":[{"embeddable":true,"href":"https:\/\/dominiumwine.com\/en\/wp-json\/wp\/v2\/comments?post=2378"}],"version-history":[{"count":4,"href":"https:\/\/dominiumwine.com\/en\/wp-json\/wp\/v2\/pages\/2378\/revisions"}],"predecessor-version":[{"id":2384,"href":"https:\/\/dominiumwine.com\/en\/wp-json\/wp\/v2\/pages\/2378\/revisions\/2384"}],"wp:attachment":[{"href":"https:\/\/dominiumwine.com\/en\/wp-json\/wp\/v2\/media?parent=2378"}],"curies":[{"name":"wp","href":"https:\/\/api.w.org\/{rel}","templated":true}]}}